{"id":20,"date":"2017-01-04T17:43:22","date_gmt":"2017-01-04T16:43:22","guid":{"rendered":"http:\/\/www.gbollaert.eu\/emile-bollaert\/?page_id=20"},"modified":"2024-06-03T11:59:08","modified_gmt":"2024-06-03T09:59:08","slug":"chapitre-4-cabinets-ministeriels-et-prefectures","status":"publish","type":"page","link":"https:\/\/www.gbollaert.eu\/emile-bollaert\/chapitre-4-cabinets-ministeriels-et-prefectures\/","title":{"rendered":"Chapitre 4 :  Cabinets minist\u00e9riels et pr\u00e9fectures"},"content":{"rendered":"<p align=\"LEFT\"><strong>5 ao\u00fbt 1919<\/strong> : Adjoint au chef des services administratifs et financiers du minist\u00e8re des r\u00e9gions lib\u00e9r\u00e9es.<br \/>\n<strong>9 septembre 1919<\/strong>\u00a0: Il \u00e9pouse \u00e0 Roubaix (Nord) Flora Berthe Marie Willem, <i>fille d&rsquo;un filateur roubaisien<\/i>, n\u00e9e le 8 septembre 1894 \u00e0 Malo-les-Bains (Nord).<br \/>\n<strong>4 octobre 1919<\/strong> : Chef de cabinet du pr\u00e9fet de la Loire.<br \/>\n<strong>7 octobre 1921<\/strong> : Secr\u00e9taire g\u00e9n\u00e9ral de la pr\u00e9fecture du Gers (sous-pr\u00e9fet de 3\u00b0 classe).<br \/>\n<strong>1\u00b0 juin 1922<\/strong> : Sous-pr\u00e9fet d&rsquo;Arcis-sur-Aube (3\u00b0 classe).<br \/>\n<strong>14 juin 1924 \u2013 10 avril 1925<\/strong> : Chef-adjoint de cabinet d\u2019<a href=\"https:\/\/fr.wikipedia.org\/wiki\/Gouvernement_%C3%89douard_Herriot_(1)\" target=\"_blank\" rel=\"noopener noreferrer\">\u00c9douard Herriot<\/a>, Pr\u00e9sident du Conseil et ministre des Affaires \u00c9trang\u00e8res.<br \/>\n<i>Et voici encore une \u00e9nigme\u00a0: Comment \u00c9douard Herriot, 52 ans, d\u00e9put\u00e9, maire de Lyon, ancien ministre et pr\u00e9sident du Parti Radical, a-t-il recrut\u00e9 un sous-pr\u00e9fet d\u00e9butant, 34 ans, s&rsquo;\u00e9tant distingu\u00e9 pendant la guerre (L\u00e9gion d&rsquo;Honneur, Croix de Guerre avec 5 citations)\u00a0? Lors de r\u00e9unions du Parti Radical\u00a0? Pr\u00e9sent\u00e9 ou recommand\u00e9 par un ami commun\u00a0? Nous n&rsquo;en savons rien.<br \/>\n<\/i>En arrivant \u00e0 l&rsquo;H\u00f4tel Matignon, \u00c9douard Herriot et \u00c9mile Bollaert trouvent les armoires vides\u00a0: Par haine politique, les membres du cabinet de l&rsquo;\u00e9ph\u00e9m\u00e8re gouvernement de Fr\u00e9d\u00e9ric Fran\u00e7ois-Marsal (Bloc National) ont emport\u00e9 tous les dossiers.<i><br \/>\nEn septembre 1924, Edouard Herriot s&rsquo;efforce de relancer \u00e0 la Soci\u00e9t\u00e9 des Nations (SdN), \u00e0 Gen\u00e8ve, les m\u00e9canismes de la s\u00e9curit\u00e9 collective pr\u00e9alables \u00e0 un d\u00e9sarmement g\u00e9n\u00e9ral . Il propose une formule \u00ab arbitrage, s\u00e9curit\u00e9, d\u00e9sarmement \u00bb. Sur ces principes, il est \u00e9labor\u00e9 un \u00ab Protocole pour le r\u00e8glement pacifique des diff\u00e9rents internationaux \u00bb adopt\u00e9 le 2 octobre 1924 \u00e0 l&rsquo;unanimit\u00e9 par l&rsquo;Assembl\u00e9e G\u00e9n\u00e9rale de la SdN. Mais la Grande-Bretagne refusera de ratifier ce texte.<br \/>\nEn octobre 1924, la France reconna\u00eet l&rsquo;URSS.<br \/>\n<em>En 1924, quand Edouard Herriot prend le train pour aller en Bretagne, la voie est sabot\u00e9e par les s\u00e9paratistes bretons.<\/em><br \/>\nA l&rsquo;occasion de l&rsquo;approbation des deux lois du 1\u00b0 juin 1924 sur la l\u00e9gislation applicable en Alsace -Lorraine, Herriot veut d\u00e9noncer l&rsquo;application du Concordat de 1801 dans ces deux r\u00e9gions. Il est d\u00e9savou\u00e9, d&rsquo;abord par le Parlement, puis par le Conseil d\u2019\u00c9tat dans son arr\u00eat du 24 janvier 1925.<\/i><\/p>\n<figure id=\"attachment_260\" aria-describedby=\"caption-attachment-260\" style=\"width: 280px\" class=\"wp-caption alignnone\"><img loading=\"lazy\" decoding=\"async\" class=\"wp-image-260\" src=\"https:\/\/www.gbollaert.eu\/emile-bollaert\/wp-content\/uploads\/2017\/01\/EBM26-Herriot-1.jpg\" alt=\"\u00c9douard Herriot\" width=\"280\" height=\"361\" srcset=\"https:\/\/www.gbollaert.eu\/emile-bollaert\/wp-content\/uploads\/2017\/01\/EBM26-Herriot-1.jpg 465w, https:\/\/www.gbollaert.eu\/emile-bollaert\/wp-content\/uploads\/2017\/01\/EBM26-Herriot-1-233x300.jpg 233w\" sizes=\"auto, (max-width: 280px) 100vw, 280px\" \/><figcaption id=\"caption-attachment-260\" class=\"wp-caption-text\">\u00c9douard Herriot<\/figcaption><\/figure>\n<p><strong><br \/>\n8 septembre 1924<\/strong> : Sous-pr\u00e9fet de Carpentras (2\u00b0 classe), non install\u00e9.<br \/>\n<i>Cette nomination, purement fictive car non suivie d&rsquo;une prise de fonction, d&rsquo;une \u00ab\u00a0installation\u00a0\u00bb suivant le jargon administratif, a pour unique but un changement d&rsquo;\u00e9chelon.<br \/>\n<\/i><strong>24 avril 1925 \u2013 20 juillet 1926<\/strong> : Chef de cabinet d\u2019<a href=\"https:\/\/fr.wikipedia.org\/wiki\/Chambre_des_d%C3%A9put%C3%A9s_(Troisi%C3%A8me_R%C3%A9publique)\" target=\"_blank\" rel=\"noopener noreferrer\">\u00c9douard Herriot<\/a>, pr\u00e9sident de la Chambre des D\u00e9put\u00e9s.<br \/>\n<i>En 1926, la valeur du franc s&rsquo;effondre. Le 23 juin 1926, Herriot s&rsquo;oppose aux projets de d\u00e9crets-lois, pr\u00e9sent\u00e9s par le ministre des Finances Joseph Caillaux pour r\u00e9soudre la crise financi\u00e8re, qu&rsquo;il juge attentatoires aux pr\u00e9rogatives du Parlement. Cette protestation entra\u00eenera le 19 juillet 1926 la chute du gouvernement Aristide Briand.<br \/>\n<\/i><strong>20 mai 1926<\/strong>\u00a0: Contr\u00f4leur g\u00e9n\u00e9ral au minist\u00e8re des r\u00e9gions lib\u00e9r\u00e9es ; <i>un avancement dans son administration d&rsquo;origine, dont il est d\u00e9tach\u00e9.<br \/>\n<\/i><strong>20 juin 1926<\/strong> : Sous-pr\u00e9fet de Brest (1\u00b0 classe), non install\u00e9.<br \/>\n<strong>20 juillet 1926 \u2013 23 juillet 1926<\/strong>\u00a0: Chef de cabinet d\u2019<a href=\"https:\/\/fr.wikipedia.org\/wiki\/Gouvernement_%C3%89douard_Herriot_(2)\" target=\"_blank\" rel=\"noopener noreferrer\">\u00c9douard Herriot<\/a>, redevenu Pr\u00e9sident du Conseil et ministre des Affaires \u00c9trang\u00e8res.<br \/>\n<strong>23 juillet 1926 \u2013 11 novembre 1928<\/strong> : Chef de cabinet d\u2019\u00c9douard Herriot, ministre de l&rsquo;Instruction Publique et des Beaux-Arts (gouvernement Raymond Poincar\u00e9).<\/p>\n<figure id=\"attachment_1000\" aria-describedby=\"caption-attachment-1000\" style=\"width: 1004px\" class=\"wp-caption alignnone\"><img loading=\"lazy\" decoding=\"async\" class=\"wp-image-1000 size-full\" src=\"https:\/\/www.gbollaert.eu\/emile-bollaert\/wp-content\/uploads\/2022\/10\/4_7-Herriot4.jpg\" alt=\"\" width=\"1004\" height=\"800\" srcset=\"https:\/\/www.gbollaert.eu\/emile-bollaert\/wp-content\/uploads\/2022\/10\/4_7-Herriot4.jpg 1004w, https:\/\/www.gbollaert.eu\/emile-bollaert\/wp-content\/uploads\/2022\/10\/4_7-Herriot4-300x239.jpg 300w, https:\/\/www.gbollaert.eu\/emile-bollaert\/wp-content\/uploads\/2022\/10\/4_7-Herriot4-768x612.jpg 768w\" sizes=\"auto, (max-width: 1004px) 100vw, 1004px\" \/><figcaption id=\"caption-attachment-1000\" class=\"wp-caption-text\">\u00c9mile Bollaert chef de cabinet d\u2019\u00c9douard Herriot<\/figcaption><\/figure>\n<p><i><br \/>\n\u00c9douard Herriot instaure l&rsquo;unification des programmes de l&rsquo;enseignement secondaire et de l&rsquo;enseignement primaire sup\u00e9rieur, cr\u00e9ant \u00ab L\u2019\u00c9cole Unique\u00a0\u00bb, ce qui entra\u00eenera la gratuit\u00e9 de l&rsquo;enseignement secondaire.<\/i><\/p>\n<p><em>\u00c9douard Herriot re\u00e7oit un jour une lettre d&rsquo;une association de Gens de Lettres demandant si le ministre voulait bien honorer de sa pr\u00e9sence la c\u00e9r\u00e9monie d&rsquo;inauguration d&rsquo;un buste \u00e0 la m\u00e9moire de ce grand philosophe qu&rsquo;avait \u00e9t\u00e9 H\u00e9g\u00e9sippe Simon. \u00c9mile Bollaert r\u00e9pond, de mani\u00e8re quasi-automatique, que le ministre est flatt\u00e9 de cette invitation, mais que ses multiples occupations le contraignent \u00e0 la d\u00e9cliner. Quelques jours plus tard, \u00c9mile Bollaert, pris d&rsquo;un doute, proc\u00e8de \u00e0 une v\u00e9rification et constate qu&rsquo;il s&rsquo;agit d&rsquo;un canular, le grand homme n&rsquo;ayant jamais exist\u00e9. Le ridicule a \u00e9t\u00e9 \u00e9vit\u00e9 !<\/em><\/p>\n<p><em>\u00c9douard Herriot ne se dit pas ath\u00e9e, mais libre penseur. Et c&rsquo;est un farouche d\u00e9fenseur de la s\u00e9paration de l\u2019\u00c9glise et de l\u2019\u00c9tat. \u00c9mile Bollaert partage ses id\u00e9es, du moins dans la premi\u00e8re partie de sa vie, jusqu&rsquo;\u00e0 sa d\u00e9portation. Il se passe toutefois le 21 octobre 1927 un fait tr\u00e8s curieux : Herriot devient le parrain du troisi\u00e8me enfant d\u2019\u00c9mile Bollaert. C&rsquo;est doublement surprenant : pourquoi \u00c9mile Bollaert le lui demande et pourquoi \u00c9douard Herriot l&rsquo;accepte-t-il ? C&rsquo;est pourtant ind\u00e9niable : On peut voir la signature d&rsquo;Herriot sur le registre paroissial de l&rsquo;\u00e9glise Sainte-Clotilde \u00e0 Paris, \u00e0 deux pas du Minist\u00e8re de l&rsquo;Instruction Publique, 110 rue de Grenelle.<\/em><\/p>\n<p><i><\/i><strong>9 f\u00e9vrier 1929<\/strong> : Pr\u00e9fet de la Loz\u00e8re (3\u00b0 classe), non install\u00e9.<br \/>\n<strong>11 mars 1929<\/strong> : Pr\u00e9fet de la Haute-Marne (3\u00b0 classe).<br \/>\n<strong>6 janvier 1931<\/strong> : Pr\u00e9fet des Vosges (2\u00b0 classe).<br \/>\n<i>Il re\u00e7oit l&rsquo;avant-dernier Shah d&rsquo;Iran, Reza Shah, qui vient p\u00e9riodiquement \u00ab prendre les eaux \u00bb \u00e0 Contrex\u00e9ville.<\/i><\/p>\n<p align=\"LEFT\"><img loading=\"lazy\" decoding=\"async\" class=\"alignnone wp-image-54\" src=\"https:\/\/www.gbollaert.eu\/emile-bollaert\/wp-content\/uploads\/2017\/01\/220px-\u00c9mile_Bollaert_1932.jpg\" alt=\"Emile Bollaert, pr\u00e9fet des Vosges\" width=\"256\" height=\"320\" \/> \u00a0\u00a0\u00a0\u00a0 <img loading=\"lazy\" decoding=\"async\" class=\"alignnone wp-image-267\" src=\"https:\/\/www.gbollaert.eu\/emile-bollaert\/wp-content\/uploads\/2017\/01\/EBM27-1932tel-1.jpg\" alt=\"Emile Bollaert, pr\u00e9fet des Vosges\" width=\"298\" height=\"320\" srcset=\"https:\/\/www.gbollaert.eu\/emile-bollaert\/wp-content\/uploads\/2017\/01\/EBM27-1932tel-1.jpg 559w, https:\/\/www.gbollaert.eu\/emile-bollaert\/wp-content\/uploads\/2017\/01\/EBM27-1932tel-1-280x300.jpg 280w\" sizes=\"auto, (max-width: 298px) 100vw, 298px\" \/><\/p>\n<p align=\"LEFT\"><strong>4 juin 1932 \u2013 12 d\u00e9cembre 1932<\/strong> : Directeur de cabinet d\u2019<a href=\"https:\/\/fr.wikipedia.org\/wiki\/Gouvernement_%C3%89douard_Herriot_(3)\" target=\"_blank\" rel=\"noopener noreferrer\">\u00c9douard Herriot<\/a>, Pr\u00e9sident du Conseil et ministre des Affaires \u00c9trang\u00e8res.<br \/>\n<i>En d\u00e9cembre 1932, Herriot refuse de subordonner le paiement des dettes de guerre de la France aux \u00c9tats-Unis au paiement des \u00ab\u00a0r\u00e9parations\u00a0\u00bb exig\u00e9es de l&rsquo;Allemagne.<\/i><\/p>\n<p><img loading=\"lazy\" decoding=\"async\" class=\"alignnone wp-image-264\" src=\"https:\/\/www.gbollaert.eu\/emile-bollaert\/wp-content\/uploads\/2017\/01\/EBM46-en1932-1.jpg\" alt=\"Emile Bollaert, Directeur de Cabinet d'Edouard Herriot\" width=\"285\" height=\"364\" srcset=\"https:\/\/www.gbollaert.eu\/emile-bollaert\/wp-content\/uploads\/2017\/01\/EBM46-en1932-1.jpg 627w, https:\/\/www.gbollaert.eu\/emile-bollaert\/wp-content\/uploads\/2017\/01\/EBM46-en1932-1-235x300.jpg 235w\" sizes=\"auto, (max-width: 285px) 100vw, 285px\" \/><\/p>\n<p align=\"LEFT\"><strong>13 octobre 1932<\/strong> : Pr\u00e9fet de Maine et Loire (1\u00b0 classe), non install\u00e9.<br \/>\n<strong>13 d\u00e9cembre 1932<\/strong> : Directeur g\u00e9n\u00e9ral des Beaux-Arts.<br \/>\n<em>Albert Lebrun est Pr\u00e9sident de la R\u00e9publique, \u00c9douard Herriot Pr\u00e9sident du Conseil, Anatole de Monzie ministre de l\u2019\u00c9ducation Nationale.<\/em><br \/>\nSon domaine d&rsquo;activit\u00e9 comprend\u00a0: la Peinture, la Sculpture, l&rsquo;Architecture et la Musique.<br \/>\n<i>C&rsquo;est presque le minist\u00e8re de la Culture que De Gaulle cr\u00e9era en 1959, mais sans la Litt\u00e9rature et le Cin\u00e9ma.<br \/>\n<\/i>Dans ce domaine, il peut prendre quantit\u00e9 d&rsquo;initiatives, encourager moralement ou financi\u00e8rement les initiatives prises par des associations ou des collectivit\u00e9s locales.<br \/>\nIl organise la restauration du Palais-Royal (en d\u00e9barrassant la galerie d&rsquo;Orl\u00e9ans de ses vitres et de son toit), du centre de la ville de Sarlat (Dordogne), de la cit\u00e9 m\u00e9di\u00e9vale de P\u00e9rouges (Ain).<br \/>\nOn comprend qu&rsquo;il se soit \u00e9panoui dans cette fonction et en ait toujours gard\u00e9 un souvenir \u00e9mu.<br \/>\n<i>Il se lie d&rsquo;amiti\u00e9 avec de nombreux artistes : architectes, peintres, musiciens (compositeurs, solistes, chefs d&rsquo;orchestre) et avec Jacques Rouch\u00e9, directeur de l&rsquo;Op\u00e9ra de Paris de septembre 1914 \u00e0 janvier 1945, successeur d&rsquo;Andr\u00e9 Messager.<br \/>\nMais ce poste a des c\u00f4t\u00e9s cocasses\u00a0: \u00c9mile Bollaert a d\u00fb repousser les demandes r\u00e9it\u00e9r\u00e9es d&rsquo;un homme influent qui voulait installer une maison close sur le Mont-Saint-Michel.<\/i><\/p>\n<p align=\"LEFT\"><img loading=\"lazy\" decoding=\"async\" class=\"alignnone wp-image-178\" src=\"https:\/\/www.gbollaert.eu\/emile-bollaert\/wp-content\/uploads\/2017\/01\/EB-NomBeauxArts.jpg\" alt=\"Emile Bollaert, Directeur G\u00e9n\u00e9ral des Beaux-Arts\" width=\"440\" height=\"605\" srcset=\"https:\/\/www.gbollaert.eu\/emile-bollaert\/wp-content\/uploads\/2017\/01\/EB-NomBeauxArts.jpg 581w, https:\/\/www.gbollaert.eu\/emile-bollaert\/wp-content\/uploads\/2017\/01\/EB-NomBeauxArts-218x300.jpg 218w\" sizes=\"auto, (max-width: 440px) 100vw, 440px\" \/><\/p>\n<p align=\"LEFT\"><strong>4 f\u00e9vrier 1934 &#8211;\u00a025 septembre 1940<\/strong> : Pr\u00e9fet du Rh\u00f4ne (hors classe).<br \/>\n<i>\u00c9videmment, \u00c9douard Herriot, maire de Lyon, n&rsquo;est pas \u00e9tranger \u00e0 cette nomination. Avant de rejoindre son poste, \u00c9mile Bollaert observe, depuis le Palais Bourbon aux c\u00f4t\u00e9s d\u2019\u00c9douard Herriot, l&rsquo;\u00e9meute fasciste du 6 f\u00e9vrier 1934 (d\u00e9clench\u00e9e par le scandale Stavisky) qui heureusement est un \u00e9chec.<br \/>\n<\/i>A pour directeur de cabinet Jean Quilichini, pour chef de cabinet Jean Taulelle. Propose, sans succ\u00e8s, le poste de secr\u00e9taire g\u00e9n\u00e9ral de la pr\u00e9fecture du Rh\u00f4ne \u00e0 un certain Jean Moulin <i>qui fut en 1925, \u00e0 26 ans, le plus jeune sous-pr\u00e9fet de France.<br \/>\n<\/i><\/p>\n<figure id=\"attachment_1001\" aria-describedby=\"caption-attachment-1001\" style=\"width: 445px\" class=\"wp-caption alignnone\"><img loading=\"lazy\" decoding=\"async\" class=\" wp-image-1001\" src=\"https:\/\/www.gbollaert.eu\/emile-bollaert\/wp-content\/uploads\/2022\/10\/4_8-bicorne1.jpg\" alt=\"\" width=\"445\" height=\"644\" srcset=\"https:\/\/www.gbollaert.eu\/emile-bollaert\/wp-content\/uploads\/2022\/10\/4_8-bicorne1.jpg 691w, https:\/\/www.gbollaert.eu\/emile-bollaert\/wp-content\/uploads\/2022\/10\/4_8-bicorne1-207x300.jpg 207w\" sizes=\"auto, (max-width: 445px) 100vw, 445px\" \/><figcaption id=\"caption-attachment-1001\" class=\"wp-caption-text\">Devant le pr\u00e9fecture de Lyon, son bicorne \u00e0 la main<\/figcaption><\/figure>\n<p align=\"LEFT\"><i><br \/>\n<\/i><i><\/i>Pour acc\u00e9l\u00e9rer le traitement du courrier, chaque lettre parvenant \u00e0 la pr\u00e9fecture est syst\u00e9matiquement photocopi\u00e9e. Or la photocopie est une technique r\u00e9cente fort peu utilis\u00e9e \u00e0 l&rsquo;\u00e9poque.<i><br \/>\n<\/i>Il coordonne le d\u00e9veloppement de l&rsquo;agglom\u00e9ration lyonnaise, notamment par la cr\u00e9ation du boulevard de ceinture <i>(devenu boulevard Laurent Bonnevay)<\/i>, du pont Raymond-Poincar\u00e9 et du parc de Parilly, par l&rsquo;am\u00e9nagement du quai de la rive droite de la Sa\u00f4ne, par la construction de 1000 logements sociaux et du sanatorium des Petites Roches. Il met en valeur les vieilles maisons du quartier de la cath\u00e9drale Saint-Jean. Il veille \u00e0 ce que les d\u00e9tenus de la v\u00e9tuste prison Saint-Paul de Lyon soient log\u00e9s et trait\u00e9s dans des conditions d\u00e9centes et humaines<i>.<br \/>\n<\/i><i>Il aborde volontiers ces sujets avec ses amis : l&rsquo;architecte Paul Bellemain, l&rsquo;avocat M\u00b0 Marcel Dolard, le docteur Jean Lacassagne, m\u00e9decin de la prison. Il s&rsquo;int\u00e9resse au sort des personnes \u00e2g\u00e9es, comme sa cousine \u00e9loign\u00e9e la vieille demoiselle Jeanne Th\u00e9liez, peintre, dont le petit capital s&rsquo;amenuise chaque ann\u00e9e.<br \/>\n<\/i>Il travaille en parfaite coop\u00e9ration avec le maire de Lyon. Il y a entre ces deux hommes une connivence qui confine \u00e0 la complicit\u00e9. Herriot disait\u00a0: \u00ab\u00a0Dans la Cit\u00e9, le Pr\u00e9fet inqui\u00e8te, le Maire rassure\u00a0\u00bb.<br \/>\nEn octobre 1935, \u00c9douard Herriot et \u00c9mile Bollaert font venir \u00e0 l&rsquo;Op\u00e9ra de Lyon le chef d&rsquo;orchestre Andr\u00e9 Cluytens, pr\u00e9c\u00e9demment chef d&rsquo;orchestre \u00e0 l&rsquo;Op\u00e9ra de Toulouse.<\/p>\n<p align=\"LEFT\"><strong>3 mai 1936\u00a0:<\/strong> la gauche gagne les \u00e9lections l\u00e9gislatives.<br \/>\n<strong>11 et 13 mai\u00a0:<\/strong> des gr\u00e8ves \u00e9clatent au Havre et \u00e0 Toulouse, puis s&rsquo;\u00e9tendent dans tout le pays, dans la plupart des industries.<br \/>\n<strong>Fin mai-d\u00e9but juin\u00a0:<\/strong> Chaque samedi apr\u00e8s-midi, un grand nombre de manifestants d\u00e9filent autour de la pr\u00e9fecture du Rh\u00f4ne, en scandant le slogan \u00ab Le-pr\u00e9-fet, au-po-teau \u00bb. Il n&rsquo;est proc\u00e9d\u00e9 \u00e0 aucune interpellation et les manifestants se dispersent calmement.<br \/>\n<strong>4 juin 1936\u00a0:<\/strong> gouvernement <a href=\"https:\/\/fr.wikipedia.org\/wiki\/Gouvernement_L%C3%A9on_Blum_(1)\" target=\"_blank\" rel=\"noopener\">L\u00e9on Blum<\/a>.<br \/>\n<strong>5 juin\u00a0\u00e0 12h30\u00a0:<\/strong> Programme du Front Populaire annonc\u00e9 \u00e0 la radio par L\u00e9on Blum.<br \/>\n<strong>5 juin\u00a0:<\/strong> T\u00e9l\u00e9gramme aux pr\u00e9fets\u00a0: \u00ab Le gouvernement compte sur votre intervention personnelle pour faciliter les conversations entre patrons et ouvriers, et pour \u00e9viter par vos interventions la prolongation d&rsquo;une situation qui doit \u00eatre r\u00e9gl\u00e9e l\u00e9galement.\u00a0\u00bb<br \/>\n<strong>7-8 juin\u00a0:<\/strong> Accords sign\u00e9s dans la nuit \u00e0 la Pr\u00e9sidence du Conseil (H\u00f4tel de Matignon), entre la Conf\u00e9d\u00e9ration G\u00e9n\u00e9rale de la Production Fran\u00e7aise (C.G.P.F.), la Conf\u00e9d\u00e9ration G\u00e9n\u00e9rale du Travail (C.G.T.), et l\u2019\u00c9tat. Mais les gr\u00e8ves continuent et s&rsquo;amplifient. Les gr\u00e8ves d\u00e9marrent dans le d\u00e9partement de la Gironde qui, jusqu&rsquo;ici, \u00e9tait le seul d\u00e9partement passif. Dans le d\u00e9partement du Rh\u00f4ne, les gr\u00e8ves persistent totalement dans le B\u00e2timent, les Produits chimiques, la Confection, la Teinturerie, la Tannerie, les usines Berliet \u00e0 Venissieux.<br \/>\n<strong>10 juin\u00a0:<\/strong> Un accord r\u00e9gional est sign\u00e9 dans le cabinet du pr\u00e9fet Bollaert, entre l&rsquo;Union d\u00e9partementale des syndicats du Rh\u00f4ne et les repr\u00e9sentants du Patronat de Lyon. Cet accord r\u00e9gional, faisant suite aux instructions gouvernementales du 5 juin, n&rsquo;apporte rien au compromis du 7 juin, qui \u00e9tait rest\u00e9 lettre morte dans le d\u00e9partement du Rh\u00f4ne, comme dans presque toute la France. Cet accord r\u00e9gional est seulement la confirmation du compromis national et traduit l&rsquo;engagement des deux parties de se conformer en tous points \u00e0 la convention nationale C.G.T.-C.G.P.F. Cet accord r\u00e9gional est un \u00e9chec, puisque, deux jours plus tard soit le <strong>12 juin<\/strong>, les gr\u00e9vistes lyonnais passent de 7.000 \u00e0 12.000.<br \/>\n<strong>16 juin\u00a0:<\/strong> La Chambre syndicale du B\u00e2timent (patronat) fait observer que les accords Matignon ne s&rsquo;appliquent pas au B\u00e2timent lyonnais, d&rsquo;o\u00f9 une rupture des n\u00e9gociations sur les salaires et un vote du bureau CGT pour la gr\u00e8ve g\u00e9n\u00e9rale. Une tentative de conciliation du pr\u00e9fet ayant \u00e9chou\u00e9, L\u00e9on Blum re\u00e7oit les d\u00e9l\u00e9gations venues \u00e0 Paris et invite le repr\u00e9sentant du patronat \u00e0 rencontrer les dirigeants nationaux CGT. Cette rencontre tourne tr\u00e8s mal, car elle se termine par une prise d&rsquo;otage. Le repr\u00e9sentant patronal accepte alors l&rsquo;arbitrage du pr\u00e9fet qui parvient enfin \u00e0 une solution.<br \/>\n<strong>20 et 21 juin\u00a0:<\/strong> Vote des lois instaurant les conventions collectives, la semaine de 40 heures, et 15 jours de cong\u00e9s pay\u00e9s.<\/p>\n<p align=\"LEFT\"><strong>Et\u00e9 1937 : <\/strong>Il va en Autriche conduire sa fille a\u00een\u00e9e Paulette pour un s\u00e9jour linguistique \u00e0 Klagenfurt, sur le lac W\u00f6rthersee. Paulette est accueillie par une famille qui comprend deux enfants : Un fils a\u00een\u00e9, Fritz, et une fille, Gertrud, qui a le m\u00eame \u00e2ge que Paulette, 17 ans. Fritz est d\u00e9j\u00e0 un fervent admirateur d&rsquo;Hitler.<br \/>\n<em>Plus tard en 1943, dans le Paris occup\u00e9, Paulette est abord\u00e9e dans le m\u00e9tro par un officier allemand, qui n&rsquo;est autre que Fritz ! Il s&rsquo;exprime tr\u00e8s librement : Il commence \u00e0 s&rsquo;interroger sur l&rsquo;objectif et la survie du r\u00e9gime hitl\u00e9rien. Paulette ne cherche pas \u00e0 prolonger l&rsquo;entretien, d&rsquo;autant plus qu&rsquo;elle transporte dans sa petite valise des fausses pi\u00e8ces d&rsquo;identit\u00e9.<\/em><\/p>\n<p align=\"LEFT\"><strong>Septembre 1939<\/strong> : Lors de la mobilisation, \u00c9mile Bollaert demande \u00e0 partir comme chef de bataillon du 93\u00b0 Bataillon de Chasseurs Alpins, mais le ministre de l&rsquo;Int\u00e9rieur le maintient dans ses fonctions de pr\u00e9fet du Rh\u00f4ne.<br \/>\n<strong>Octobre 1939 :<\/strong> Dans un discours au Conseil G\u00e9n\u00e9ral, il s&rsquo;\u00e9l\u00e8ve ouvertement contre notre attitude \u00e0 Munich et ne s&rsquo;\u00e9tonne pas du pacte germano-sovi\u00e9tique du 23 ao\u00fbt 1939.<br \/>\n<strong>17 juin 1940<\/strong> : L&rsquo;arm\u00e9e fran\u00e7aise avait pr\u00e9vu, lorsque l&rsquo;arm\u00e9e allemande s&rsquo;approcherait de Lyon, de faire sauter les 31 ponts de l&rsquo;agglom\u00e9ration lyonnaise. Ce qui aurait priv\u00e9 toute la ville d&rsquo;eau, de gaz et d&rsquo;\u00e9lectricit\u00e9 pour une dur\u00e9e ind\u00e9termin\u00e9e. \u00c9douard Herriot, maire de Lyon, et \u00c9mile Bollaert demandent de retarder la mise \u00e0 feu. Le 18 juin, Edouard Herriot est \u00e0 Bordeaux avec le gouvernement Paul Reynaud en d\u00e9route. Avec son chef de cabinet Friol, \u00e0 1h00 du matin, il cherche en vain de joindre le g\u00e9n\u00e9ral d&rsquo;arm\u00e9e Louis Colson, nouveau ministre de la Guerre depuis vingt-quatre heures. Ils ne trouvent \u00e9galement aucun responsable \u00e0 la Pr\u00e9sidence du Conseil. Apr\u00e8s de nombreux appels t\u00e9l\u00e9phoniques, Paul Baudoin, ministre des Affaires \u00c9trang\u00e8res, leur indique l&rsquo;adresse du mar\u00e9chal P\u00e9tain. Ils s&rsquo;y rendent \u00e0 3h00 du matin. R\u00e9veill\u00e9, le mar\u00e9chal les re\u00e7oit, couch\u00e9 dans son lit, en pr\u00e9sence du g\u00e9n\u00e9ral de division Henri Bineau, chef du cabinet militaire, et prend la d\u00e9cision, tant attendue, de d\u00e9clarer Lyon ville ouverte. Le g\u00e9n\u00e9ral Bineau transmet cette d\u00e9cision au g\u00e9n\u00e9ral de division Jules Hartung, gouverneur de Lyon. De son c\u00f4t\u00e9, \u00c9douard Herriot r\u00e9ussit, non sans difficult\u00e9s, \u00e0 envoyer \u00e0 \u00c9mile Bollaert un t\u00e9l\u00e9gramme chiffr\u00e9. Mais cette d\u00e9cision n&rsquo;est pas diffus\u00e9e ou accept\u00e9e partout : En particulier, l&rsquo;Arm\u00e9e des Alpes command\u00e9e par le g\u00e9n\u00e9ral d&rsquo;arm\u00e9e Ren\u00e9 Olry proteste. Il faut de nombreux \u00e9changes t\u00e9l\u00e9phoniques entre Lyon et Bordeaux, et l&rsquo;intervention du g\u00e9n\u00e9ral d&rsquo;arm\u00e9e Maxime Weygand, Commandant en Chef de l&rsquo;Arm\u00e9e fran\u00e7aise, pour que cette d\u00e9cision soit appliqu\u00e9e par l&rsquo;ensemble des troupes fran\u00e7aises. La ville est sauv\u00e9e du d\u00e9sastre.<br \/>\nDu 19 au 21 juin 1940, \u00e0 Chasselay, Rh\u00f4ne, le 25\u00b0 r\u00e9giment de Tirailleurs S\u00e9n\u00e9galais (en fait, s\u00e9n\u00e9galais et maliens) retarde la progression des troupes allemandes. Certains historiens supposent que ce r\u00e9giment ignore que Lyon a \u00e9t\u00e9 d\u00e9clar\u00e9 ville ouverte le 18 juin; mais cette d\u00e9claration ne modifie nullement les ordres donn\u00e9s aux forces fran\u00e7aises de la vall\u00e9e de la Sa\u00f4ne. En raison de leur importante sup\u00e9riorit\u00e9 num\u00e9rique, les Allemands battent les S\u00e9n\u00e9galais. Ces derniers, faits prisonniers, sont abattus \u00e0 coups de mitrailleuses ou \u00e9cras\u00e9s par des chars. La hargne des Allemands s&rsquo;explique par le fait qu&rsquo;ils ont \u00e9t\u00e9 surpris d&rsquo;\u00eatre ralentis, et ceci par des Noirs.<br \/>\n<em>D\u00e8s que les troupes allemandes \u00e9vacuent la ville de Lyon le 6 juillet, \u00c9mile Bollaert demande \u00e0 M.Jean Marchiani, secr\u00e9taire g\u00e9n\u00e9ral de l&rsquo;Office D\u00e9partemental des mutil\u00e9s, anciens combattants et victimes de guerre de rassembler les d\u00e9pouilles des tirailleurs s\u00e9n\u00e9galais dans une n\u00e9cropole d\u00e9cente. D\u00e8s le 29 juillet, M. Marchiani entreprend une \u00ab\u00a0tourn\u00e9e de prospection\u00a0\u00bb, ach\u00e8te, sur ses deniers, un terrain \u00e0 Chasselay et fait construire un monument fun\u00e9raire, appel\u00e9 Tata (cimeti\u00e8re militaire en ouolof) et inaugur\u00e9 le 8 novembre 1942, trois jours avant la r\u00e9-occupation de la France du sud par les Allemands. Le gouvernement de Vichy, qui freine cette construction, la tol\u00e8re n\u00e9anmoins, malgr\u00e9 l&rsquo;opposition de la Wehrmacht. Mais P\u00e9tain se pr\u00e9tend le chef de la France et de son empire colonial.<\/em><br \/>\nAvant l&rsquo;arriv\u00e9e des troupes allemandes \u00e0 Lyon, et en plein accord avec M. Georges Cohendy, premier adjoint au maire de Lyon et faisant office de maire en l&rsquo;absence de celui-ci, il prend de nombreuses dispositions : Les enfants des \u00e9coles sont envoy\u00e9s \u00e0 la campagne, les stocks d&rsquo;alimentation sont dispers\u00e9s, on ouvre les robinets des cuves d&rsquo;hydrocarbures \u00e0 Collonges-au-Mont-d&rsquo;Or (<em>ce qui pollua le sous-sol pendant des d\u00e9cennies<\/em>), on met le feu aux cuves d&rsquo;hydrocarbures de Port-Rambaud sur la presqu&rsquo;\u00eele, les affiches patriotiques sont arrach\u00e9es, les documents sensibles sont br\u00fbl\u00e9s. Les ch\u00f4meurs occasionnels, r\u00e9sultant de la fermeture de nombreuses usines, sont employ\u00e9s par la mairie pour les t\u00e2ches urgentes. Des v\u00eatements de clochards sont distribu\u00e9s aux hommes d&rsquo;une compagnie de L\u00e9gion \u00c9trang\u00e8re qui s&rsquo;\u00e9taient laiss\u00e9s enfermer dans la ville, afin de leur \u00e9viter d&rsquo;\u00eatre faits prisonniers.<br \/>\nIl demande \u00e0 la population de rester calme.<\/p>\n<p><img loading=\"lazy\" decoding=\"async\" class=\"alignnone wp-image-273\" src=\"https:\/\/www.gbollaert.eu\/emile-bollaert\/wp-content\/uploads\/2017\/01\/EBM32-AppelPopul-1.jpg\" alt=\"\" width=\"306\" height=\"436\" srcset=\"https:\/\/www.gbollaert.eu\/emile-bollaert\/wp-content\/uploads\/2017\/01\/EBM32-AppelPopul-1.jpg 561w, https:\/\/www.gbollaert.eu\/emile-bollaert\/wp-content\/uploads\/2017\/01\/EBM32-AppelPopul-1-210x300.jpg 210w\" sizes=\"auto, (max-width: 306px) 100vw, 306px\" \/><\/p>\n<p align=\"LEFT\">Ce courage et ce calme ne sont pas le lot de tous : Le pr\u00e9fet de Sa\u00f4ne-et-Loire M. Hyacinthe Tomasini lui t\u00e9l\u00e9phone : \u00ab\u00a0Je m&rsquo;en vais, prenez les r\u00eanes de mon d\u00e9partement.\u00a0\u00bb<br \/>\nA l&rsquo;arriv\u00e9e des troupes allemandes dans la ville, leur g\u00e9n\u00e9ral demande \u00e0 \u00c9mile Bollaert d&rsquo;enlever le drapeau qui flotte sur le toit de la pr\u00e9fecture. \u00c9mile Bollaert lui r\u00e9pond : \u00ab\u00a0C&rsquo;est votre affaire. Faites-le vous-m\u00eame !\u00a0\u00bb<br \/>\nLes Allemands le prennent en otage, ainsi que M. Cohendy, le cardinal Pierre Gerlier, M. Paul Charbin pr\u00e9sident de la chambre de commerce, M. Vicaire secr\u00e9taire du cartel des anciens combattants et M. Marius Vivier-Merle secr\u00e9taire de l&rsquo;union d\u00e9partementale des syndicats conf\u00e9d\u00e9r\u00e9s du Rh\u00f4ne.<br \/>\n<em>Mgr Gerlier demande de se rendre \u00e0 l&rsquo;\u00e9v\u00each\u00e9 pour r\u00e9gler une affaire urgente et promet de revenir \u00e0 la pr\u00e9fecture. Le colonel allemand, plein de morgue, met en doute la promesse de Mgr Gerlier, et celui-ci r\u00e9pond ; \u00ab\u00a0La parole d&rsquo;un cardinal vaut bien la parole d&rsquo;un officier allemand.\u00a0\u00bb Le ton du colonel allemand s&rsquo;est aussit\u00f4t adouci.<\/em><br \/>\n<strong>6 juillet 1940<\/strong> : les Allemands \u00e9vacuent la ville, sans trop de cons\u00e9quences dramatiques pour la population civile. D\u00e8s le lendemain, \u00c9mile Bollaert remet le m\u00eame drapeau sur le toit de la pr\u00e9fecture en pr\u00e9sence du maire \u00c9douard Herriot et des cinq autres otages.<\/p>\n<figure id=\"attachment_275\" aria-describedby=\"caption-attachment-275\" style=\"width: 815px\" class=\"wp-caption alignnone\"><img loading=\"lazy\" decoding=\"async\" class=\"wp-image-275 size-full\" src=\"https:\/\/www.gbollaert.eu\/emile-bollaert\/wp-content\/uploads\/2017\/01\/EBM34a-Otages-1.jpg\" alt=\"Herriot et les six otages, dont Emile Bollaert, saluent le retour du drapeau fran\u00e7ais sur la pr\u00e9fecture\" width=\"815\" height=\"600\" srcset=\"https:\/\/www.gbollaert.eu\/emile-bollaert\/wp-content\/uploads\/2017\/01\/EBM34a-Otages-1.jpg 815w, https:\/\/www.gbollaert.eu\/emile-bollaert\/wp-content\/uploads\/2017\/01\/EBM34a-Otages-1-300x221.jpg 300w, https:\/\/www.gbollaert.eu\/emile-bollaert\/wp-content\/uploads\/2017\/01\/EBM34a-Otages-1-768x565.jpg 768w\" sizes=\"auto, (max-width: 815px) 100vw, 815px\" \/><figcaption id=\"caption-attachment-275\" class=\"wp-caption-text\">Herriot et les six otages saluent le retour du drapeau fran\u00e7ais sur la pr\u00e9fecture<\/figcaption><\/figure>\n<p><strong><br \/>\n<\/strong>Puis, la ville reprend vie : Les grands et petits n\u00e9goces, les banques, les caf\u00e9s et restaurants rouvrent. Mais les produits alimentaires sont rares ; Il en part des trains entiers vers l&rsquo;Allemagne. Les cin\u00e9mas jouent en matin\u00e9e pour les Fran\u00e7ais et en soir\u00e9e pour les soldats allemands. La circulation est interdite apr\u00e8s 21h00 sans une autorisation sign\u00e9e \u00e0 la fois par la pr\u00e9fecture et la Kommandantur. La presse continue de para\u00eetre, mais l&rsquo;absence de t\u00e9l\u00e9phone rend difficile le recueil des informations. \u00c9mile Bollaert dit \u00e0 Henri Amoretti, directeur du journal <em>Le Progr\u00e8s<\/em> : \u00ab\u00a0Je vous demande de continuer \u00e0 para\u00eetre. Vous me rendrez un grand service. Gr\u00e2ce \u00e0 vous, je pourrai garder la liaison avec la population lyonnaise.\u00a0\u00bb<strong><br \/>\nJuillet 1940 :<\/strong> Le Parlement \u00e9tant convoqu\u00e9 \u00e0 Vichy le 10 juillet 1940 pour voter les pleins pouvoirs \u00e0 P\u00e9tain, il s&#8217;emploie \u00e0 favoriser le transport de tous les parlementaires du Rh\u00f4ne qu&rsquo;il sait en majorit\u00e9 hostiles aux projets de P\u00e9tain. Il les met lui-m\u00eame dans l&rsquo;autocar et les quitte en criant \u00ab\u00a0Vive la R\u00e9publique\u00a0\u00bb.<br \/>\n<strong>25 septembre 1940<\/strong> : Relev\u00e9 de ses fonctions pour avoir refus\u00e9 de pr\u00eater serment au mar\u00e9chal P\u00e9tain.<br \/>\n<em>Il lui est reproch\u00e9, entre autres, d&rsquo;avoir comment\u00e9 devant des \u00e9l\u00e8ves d&rsquo;\u00e9cole primaire \u00ab\u00a0La derni\u00e8re classe\u00a0\u00bb d&rsquo;Alphonse Daudet.<br \/>\n<\/em>Le conseil g\u00e9n\u00e9ral du Rh\u00f4ne l&rsquo;autorise \u00e0 s\u00e9journer dans la villa pr\u00e9fectorale <em>Rhodania<\/em> \u00e0 Bron, jusqu&rsquo;\u00e0 ce qu&rsquo;il obtienne, pour lui et sa famille, l&rsquo;autorisation de franchir la ligne de d\u00e9marcation pour regagner son domicile parisien, en zone occup\u00e9e.<em><i><br \/>\n<\/i><\/em><strong>14 f\u00e9vrier 1941<\/strong> : Mis \u00e0 la retraite \u00e0 compter du 25 septembre 1940.<\/p>\n<p align=\"LEFT\">\n<p style=\"text-align: center;\" align=\"LEFT\"><small><em>(mis \u00e0 jour en avril 2024)<\/em><\/small><br \/>\n<small><em><a href=\"\/emile-bollaert\/chapitre-5-dans-la-resistance\">-&gt; Chapitre 5 : Dans la R\u00e9sistance<\/a><\/em><\/small><\/p>\n","protected":false},"excerpt":{"rendered":"<p>5 ao\u00fbt 1919 : Adjoint au chef des services administratifs et financiers du minist\u00e8re des r\u00e9gions lib\u00e9r\u00e9es. 9 septembre 1919\u00a0: Il \u00e9pouse \u00e0 Roubaix (Nord) Flora Berthe Marie Willem, fille d&rsquo;un filateur roubaisien, n\u00e9e le 8 septembre 1894 \u00e0 Malo-les-Bains (Nord). 4 octobre 1919 : Chef de cabinet du pr\u00e9fet de la Loire. 7 octobre &hellip; <a href=\"https:\/\/www.gbollaert.eu\/emile-bollaert\/chapitre-4-cabinets-ministeriels-et-prefectures\/\" class=\"more-link\">Continuer la lecture de <span class=\"screen-reader-text\">Chapitre 4 :  Cabinets minist\u00e9riels et pr\u00e9fectures<\/span><\/a><\/p>\n","protected":false},"author":1,"featured_media":0,"parent":0,"menu_order":0,"comment_status":"closed","ping_status":"closed","template":"","meta":{"footnotes":""},"class_list":["post-20","page","type-page","status-publish","hentry"],"_links":{"self":[{"href":"https:\/\/www.gbollaert.eu\/emile-bollaert\/wp-json\/wp\/v2\/pages\/20","targetHints":{"allow":["GET"]}}],"collection":[{"href":"https:\/\/www.gbollaert.eu\/emile-bollaert\/wp-json\/wp\/v2\/pages"}],"about":[{"href":"https:\/\/www.gbollaert.eu\/emile-bollaert\/wp-json\/wp\/v2\/types\/page"}],"author":[{"embeddable":true,"href":"https:\/\/www.gbollaert.eu\/emile-bollaert\/wp-json\/wp\/v2\/users\/1"}],"replies":[{"embeddable":true,"href":"https:\/\/www.gbollaert.eu\/emile-bollaert\/wp-json\/wp\/v2\/comments?post=20"}],"version-history":[{"count":106,"href":"https:\/\/www.gbollaert.eu\/emile-bollaert\/wp-json\/wp\/v2\/pages\/20\/revisions"}],"predecessor-version":[{"id":1554,"href":"https:\/\/www.gbollaert.eu\/emile-bollaert\/wp-json\/wp\/v2\/pages\/20\/revisions\/1554"}],"wp:attachment":[{"href":"https:\/\/www.gbollaert.eu\/emile-bollaert\/wp-json\/wp\/v2\/media?parent=20"}],"curies":[{"name":"wp","href":"https:\/\/api.w.org\/{rel}","templated":true}]}}